{"id":810,"date":"2023-06-26T13:08:39","date_gmt":"2023-06-26T13:08:39","guid":{"rendered":"https:\/\/empresaysociedad.cetisa.com.py\/?page_id=810"},"modified":"2023-06-26T13:59:47","modified_gmt":"2023-06-26T13:59:47","slug":"vol-2-num-1-2","status":"publish","type":"page","link":"https:\/\/empresaysociedad.cetisa.com.py\/index.php\/vol-2-num-1-2\/","title":{"rendered":"Vol. 2 num. 1"},"content":{"rendered":"\n<figure class=\"wp-block-image size-large is-resized\"><img loading=\"lazy\" decoding=\"async\" src=\"https:\/\/empresaysociedad.cetisa.com.py\/wp-content\/uploads\/2019\/10\/vol2num1-724x1024.png\" alt=\"\" class=\"wp-image-566\" width=\"201\" height=\"285\" srcset=\"https:\/\/empresaysociedad.cetisa.com.py\/wp-content\/uploads\/2019\/10\/vol2num1-724x1024.png 724w, https:\/\/empresaysociedad.cetisa.com.py\/wp-content\/uploads\/2019\/10\/vol2num1-212x300.png 212w, https:\/\/empresaysociedad.cetisa.com.py\/wp-content\/uploads\/2019\/10\/vol2num1-768x1086.png 768w, https:\/\/empresaysociedad.cetisa.com.py\/wp-content\/uploads\/2019\/10\/vol2num1-1086x1536.png 1086w, https:\/\/empresaysociedad.cetisa.com.py\/wp-content\/uploads\/2019\/10\/vol2num1-1448x2048.png 1448w\" sizes=\"auto, (max-width: 201px) 100vw, 201px\" \/><\/figure>\n\n\n\n<p>ADMINISTRACI\u00d3N DE LOS RECURSOS FINANCIEROS DE LOS ALUMNOS DEL TURNO NOCHE DE LA UNIVERSIDAD CAT\u00d3LICA NUESTRA SE\u00d1ORA DE LA ASUNCI\u00d3N, CAMPUS ALTO PARAN\u00c1, DESDE LA PERSPECTIVA DE UNA ADECUADA GESTI\u00d3N DE LAS FINANZAS PERSONALES<br>RESUMEN<br><strong>Antecedentes:<\/strong>&nbsp;Una adecuada gesti\u00f3n de las finanzas personales se asocia con un futuro estable y buena calidad de vida.&nbsp;<strong>Objetivo:<\/strong>&nbsp;Analizar c\u00f3mo administran sus finanzas personales los alumnos del turno noche de la Universidad Cat\u00f3lica \u201cNuestra Se\u00f1ora de la Asunci\u00f3n\u201d, campus Alto Paran\u00e1.&nbsp;<strong>Materiales y m\u00e9todos:<\/strong>&nbsp;El estudio fue observacional, anal\u00edtico y prospectivo. Con muestreo no probabil\u00edstico, por cotas, previo consentimiento informado, se aplic\u00f3 un cuestionario a una muestra de n=220 de la poblaci\u00f3n de estudiantes del Campus Alto Paran\u00e1, turno noche (N = 700).&nbsp;<strong>Resultados<\/strong>: 90% de la muestra afirm\u00f3 tener metas financieras. Solo el 26% elabora un plan financiero. Solo el 46% elabora habitualmente un presupuesto. Solo un 35 % aplica herramientas tecnol\u00f3gicas de gesti\u00f3n financiera.&nbsp;El 60% afirma ahorrar constantemente. La media de ahorro mensual es de Gs. 789.349,59; con una desviaci\u00f3n t\u00edpica de Gs. 774.488,45. De los que ahorran, 51,46% respondi\u00f3 que el objetivo es \u201cviaje o vacaciones\u201d; 47,57%, \u201cveh\u00edculos, apartamentos, etc.,\u201d; 36,89%, \u201cinversi\u00f3n en negocio propio\u201d y solo el 9% dice invertir en \u201cdocumentos financieros\u201d. &nbsp;No se observaron diferencias estad\u00edsticas significativas en la administraci\u00f3n de las finanzas entre los alumnos que reciben formaci\u00f3n financiera en la carrera y aquellos que no la reciben.&nbsp;<strong>Discusi\u00f3n:<\/strong>&nbsp;El estudio no ha permitido recoger evidencia emp\u00edrica de pr\u00e1cticas tendientes a la construcci\u00f3n de un futuro financieramente estable y de bienestar en el largo plazo.&nbsp;<strong>Conclusi\u00f3n:<\/strong>&nbsp;Los datos observados sugieren la carencia de una cultura financiera s\u00f3lida.<br><br><strong>Palabras clave:<\/strong>&nbsp;Finanzas personales, cultura financiera, administraci\u00f3n, ahorro, metas financieras.<br><br>Autores: Romina Megumi Mart\u00ednez Yshibashi megu47@gmail.com; Mariel Johana Penayo \u00c1lvarez marieljo96@hotmail.com<\/p>\n\n\n\n<div data-wp-interactive=\"core\/file\" class=\"wp-block-file\"><object data-wp-bind--hidden=\"!state.hasPdfPreview\" hidden class=\"wp-block-file__embed\" data=\"https:\/\/empresaysociedad.cetisa.com.py\/wp-content\/uploads\/2023\/06\/Descargar-PDF-5-11.pdf\" type=\"application\/pdf\" style=\"width:100%;height:280px\" aria-label=\"Incrustado de Descargar-PDF-5-11.\"><\/object><a id=\"wp-block-file--media-4fd4361d-01df-47d9-a665-a1456b70a5df\" href=\"https:\/\/empresaysociedad.cetisa.com.py\/wp-content\/uploads\/2023\/06\/Descargar-PDF-5-11.pdf\">Descargar-PDF-5-11<\/a><a href=\"https:\/\/empresaysociedad.cetisa.com.py\/wp-content\/uploads\/2023\/06\/Descargar-PDF-5-11.pdf\" class=\"wp-block-file__button wp-element-button\" download aria-describedby=\"wp-block-file--media-4fd4361d-01df-47d9-a665-a1456b70a5df\">Descarga<\/a><\/div>\n\n\n\n<p>AUSENCIA DEL ESTADO EN PARAGUAY: APROXIMACI\u00d3N DESDE LA TEORIZACI\u00d3N SOCIOECON\u00d3MICA<br>Resumen<br>El presente trabajo pretende iniciar una exploraci\u00f3n de la realidad paraguaya desde un modelo de discusi\u00f3n un poco menos casual que lo acostumbrado, que al menos se acerque a la lectura del referencial te\u00f3rico. Para el efecto aborda el problema de la \u201causencia del Estado\u201d desde alguna de sus implicaciones fenomenol\u00f3gicas y posibles aportes efectivos a la estructura social como al sostenimiento de estructuras culturales y fortalecimiento de modelos de comportamiento socioecon\u00f3micos. Se pretende establecer en este ensayo indagaciones de orden te\u00f3rico e hipot\u00e9tico respecto a que ciertos patrones culturales vigentes en el Paraguay han sobrevivido gracias al factor \u201causencia del Estado\u201d.<br><br><strong>Palabras clave:<\/strong>&nbsp;Ausencia del Estado, corrupci\u00f3n, acervo cultural, burocracia operativa, socioecon\u00f3mico, clientelismo, Paraguay.<br><br><strong>Autores:<\/strong> Guido Ram\u00f3n Bernardo Alarc\u00f3n Corrales, guidoalarconc@gmail.com; Mariano Dami\u00e1n Escurra Vic\u00e9sar, d.escurrav@gmail.com; Marcelo Mart\u00edn Pesallaccia Zald\u00edvar, marcelompz@gmail.com <\/p>\n\n\n\n<div data-wp-interactive=\"core\/file\" class=\"wp-block-file\"><object data-wp-bind--hidden=\"!state.hasPdfPreview\" hidden class=\"wp-block-file__embed\" data=\"https:\/\/empresaysociedad.cetisa.com.py\/wp-content\/uploads\/2023\/06\/Descargar-PDF-12-29.pdf\" type=\"application\/pdf\" style=\"width:100%;height:200px\" aria-label=\"Incrustado de Descargar-PDF-12-29.\"><\/object><a id=\"wp-block-file--media-c40d90cf-3efc-4836-89a4-3ecb2667b210\" href=\"https:\/\/empresaysociedad.cetisa.com.py\/wp-content\/uploads\/2023\/06\/Descargar-PDF-12-29.pdf\">Descargar-PDF-12-29<\/a><a href=\"https:\/\/empresaysociedad.cetisa.com.py\/wp-content\/uploads\/2023\/06\/Descargar-PDF-12-29.pdf\" class=\"wp-block-file__button wp-element-button\" download aria-describedby=\"wp-block-file--media-c40d90cf-3efc-4836-89a4-3ecb2667b210\">Descarga<\/a><\/div>\n\n\n\n<p>AUTOESTIMA Y SATISFACCI\u00d3N CON EL RENDIMIENTO ACAD\u00c9MICO EN ALUMNOS DEL NIVEL UNIVERSITARIO Y NIVEL MEDIO DE DOS INSTITUCIONES EDUCATIVAS DE CIUDAD DEL ESTE<br><strong>Resumen<\/strong><br>El presente estudio se realiza para conocer los niveles de autoestima y de satisfacci\u00f3n hacia el rendimiento acad\u00e9mico de los estudiantes del nivel medio del CRECE y del primer a\u00f1o de la UCAP<strong>.&nbsp;<\/strong>El contexto de la investigaci\u00f3n se sit\u00faa en dos instituciones educativas, una de Ciudad Del Este y otra de la cuidad de Hernandarias. A la primera ciudad corresponde el Colegio de Nivel Medio denominado Centro Regional De Educaci\u00f3n (CRECE) y a la segunda ciudad corresponde la Universidad Cat\u00f3lica \u201cNuestra Se\u00f1ora de la Asunci\u00f3n\u201d, Campus Alto Paran\u00e1 (UCAP). Los sujetos e estudio en total fueron 281, de los cuales 131 son varones y 150 son mujeres, el promedio de edad sobre el total de los sujetos es de 18,5 a\u00f1os. Para la recolecci\u00f3n de los datos se recurri\u00f3 a la t\u00e9cnica de la encuesta, los datos fueron recogidos en la semana del 1 al 9 de noviembre de 2018. El instrumento para la recolecci\u00f3n de los datos fue la Escala de Autoestima Global de Rotenberg (2000) con el agregado de las preguntas sobre la satisfacci\u00f3n sobre el rendimiento acad\u00e9mico. &nbsp;Los principales hallazgos indican que los niveles de la variable \u201cautoestima\u201d as\u00ed como los niveles de \u201csatisfacci\u00f3n con el rendimiento acad\u00e9mico\u201d en los sujetos de la muestra dependen tanto de la instituci\u00f3n educativa donde estudian, as\u00ed como del sexo de los mismos. En cuanto al cruce de los niveles de autoestima alta y autoestima baja con los niveles de satisfacci\u00f3n con el rendimiento acad\u00e9mico, los hallazgos indican que ambos niveles de autoestima, independientemente de la instituci\u00f3n educativa y del sexo, se relacionan en mayor porcentaje con la satisfacci\u00f3n media por el rendimiento acad\u00e9mico, es decir; que dicho rendimiento \u201cse puede mejorar\u201d seg\u00fan los encuestados.<br><br><strong>Palabras clave:<\/strong>&nbsp;autoestima, rendimiento acad\u00e9mico, satisfacci\u00f3n. <br><br><strong>Autor:<\/strong>&nbsp;Prof. Dr. Amado Dar\u00edo Torales Ojeda.<br><br><strong>Encuestadores:&nbsp;<\/strong>Ino Arzamendia, Viviana Romero, Isabel Esp\u00ednola, Mar\u00eda Jos\u00e9 Meyer, Liz Torales, Daisy Palacios, Jazm\u00edn Romero, Ana Biazus, Chaveli Cardozo, Claudia Cabral, Yasmine Abou Saleh<\/p>\n\n\n\n<div data-wp-interactive=\"core\/file\" class=\"wp-block-file\"><object data-wp-bind--hidden=\"!state.hasPdfPreview\" hidden class=\"wp-block-file__embed\" data=\"https:\/\/empresaysociedad.cetisa.com.py\/wp-content\/uploads\/2023\/06\/Descargar-PDF-30-41.pdf\" type=\"application\/pdf\" style=\"width:100%;height:200px\" aria-label=\"Incrustado de Descargar-PDF-30-41.\"><\/object><a id=\"wp-block-file--media-23995413-f52c-4322-801c-5c0c6c25fa4e\" href=\"https:\/\/empresaysociedad.cetisa.com.py\/wp-content\/uploads\/2023\/06\/Descargar-PDF-30-41.pdf\">Descargar-PDF-30-41<\/a><a href=\"https:\/\/empresaysociedad.cetisa.com.py\/wp-content\/uploads\/2023\/06\/Descargar-PDF-30-41.pdf\" class=\"wp-block-file__button wp-element-button\" download aria-describedby=\"wp-block-file--media-23995413-f52c-4322-801c-5c0c6c25fa4e\">Descarga<\/a><\/div>\n\n\n\n<p>EFECTOS DE LAS ACCIONES DE LOS SEGUROS M\u00c9DICOS PRE PAGOS, EN LAS EMPRESAS PRIVADAS, USUARIOS DE LOS SERVICIOS<br><strong>Resumen<\/strong><br>El objetivo de este trabajo es analizar el efecto que produce la atenci\u00f3n de la salud brindada por parte de los seguros m\u00e9dicos privados,&nbsp;que operan en sanatorios privados en el Departamento de Alto Paran\u00e1, analizados desde la perspectiva de las empresas privadas que utilizan dichos servicios para beneficio de sus RR. HH. Espec\u00edficamente el an\u00e1lisis abarca consultas a referentes de empresas vigentes en la regi\u00f3n entre los a\u00f1os 2013&nbsp;\u2013 2017.&nbsp;La toma de datos se realiz\u00f3 en marzo del 2018, con una investigaci\u00f3n del tipo b\u00e1sico, con enfoque cualitativo, que se inici\u00f3 como una investigaci\u00f3n exploratoria, luego descriptiva, de naturaleza emp\u00edrica que se realiza en un contexto en particular y documental, sustentada en fuentes primarias y secundarias.&nbsp;El estudio realizado conforme a la hip\u00f3tesis planteada:&nbsp;\u201clas acciones de los seguros m\u00e9dicos privados que operan en el departamento del Alto Paran\u00e1 generan valor agregado para las empresas privadas que utilizaron dichos servicios, entre los a\u00f1os 2013-2017\u201d, revel\u00f3 que responde a todos los objetivos espec\u00edficos. Se concluye que as\u00ed tambi\u00e9n responde al objetivo general de la investigaci\u00f3n.<br><br><strong>Palabras&nbsp;clave:<\/strong>&nbsp;salud, &nbsp;seguro m\u00e9dico, &nbsp;recursos humanos, sanatorios. <br><br><strong>Autor:<\/strong>&nbsp;&nbsp;Mar\u00eda Magdalena Ruiz D\u00edaz Marecos, mruizdiaz.mrdm@gmail.com<\/p>\n\n\n\n<p>ENCASTRES DE LA TEOR\u00cdA GENERAL CON LA TEOR\u00cdA LATINOAMERICANA Y LA AUT\u00d3CTONA EN EL PROCESO DE INSTITUCIONALIZACI\u00d3N DE LA SOCIOLOG\u00cdA EN PARAGUAY&nbsp;EN UN CONTEXTO HIST\u00d3RICO MODERNIZADOR Y DESARROLLISTA <br><strong>Resumen<\/strong><br>El objetivo principal del art\u00edculo es brindar al lector de ciencias sociales la conexi\u00f3n entre los supuestos de la teor\u00eda social general, con la latinoamericana, que permita a su vez reconocer su marca en las producciones de la sociolog\u00eda aut\u00f3ctona. Usando como materiales la producci\u00f3n te\u00f3rica, su desarrollo e institucionalizaci\u00f3n, en su dependencia de transformaciones profundas de las sociedades capitalistas centrales, y en relaci\u00f3n con estas, de las latinoamericanas. El enfoque metodol\u00f3gico es cualitativo, el dise\u00f1o no experimental, y el tipo descriptivo, basado en el an\u00e1lisis comparativo de teor\u00edas. Los resultados presentan dos s\u00edntesis que identifican por un lado las denominaciones y presupuestos del pensamiento latinoamericano articul\u00e1ndola con la teor\u00eda general, y m\u00e1s adelante otra, sobre la institucionalizaci\u00f3n de la sociolog\u00eda considerando tanto la teor\u00eda general, como la latinoamericana como aportes aut\u00f3ctonos-locales. Las principales conclusiones muestran que el ensayo es superado por el art\u00edculo como forma sistem\u00e1tica, demandada por la modernizaci\u00f3n e internacionalizaci\u00f3n capitalista respecto a las formas de producci\u00f3n de conocimiento \u00fatil. Esto, dentro de una tensi\u00f3n entre teor\u00edas conservadoras y cr\u00edticas, con diversos niveles de abstracci\u00f3n, generalidad y alcance. Disputa que se mantiene en un equilibrio relativo hasta el presente, fruto de la confrontaci\u00f3n de posiciones sociales en el campo acad\u00e9mico.<br><br><strong>Palabras clave:<\/strong>&nbsp;Modernizaci\u00f3n, institucionalizaci\u00f3n, sociolog\u00eda, producci\u00f3n, teor\u00eda. <br><br><strong>Autor:<\/strong>&nbsp;Javier Numan Caballero Merlo,&nbsp;javiernuman18@hotmail.com<\/p>\n\n\n\n<figure class=\"wp-block-image\"><a href=\"http:\/\/creativecommons.org\/licenses\/by\/4.0\/\"><img decoding=\"async\" src=\"https:\/\/i.creativecommons.org\/l\/by\/4.0\/88x31.png\" alt=\"Licencia de Creative Commons\"\/><\/a><\/figure>\n\n\n\n<p>\u00a9 2020 \u2013 Esta publicaci\u00f3n es una contribuci\u00f3n de acceso abierto, distribuida bajo los t\u00e9rminos de la&nbsp;<a href=\"http:\/\/creativecommons.org\/licenses\/by\/4.0\/\">licencia de reconocimiento de Creative Commons 4.0.<\/a><\/p>\n","protected":false},"excerpt":{"rendered":"<p>ADMINISTRACI\u00d3N DE LOS RECURSOS FINANCIEROS DE LOS ALUMNOS DEL TURNO NOCHE DE LA UNIVERSIDAD CAT\u00d3LICA NUESTRA SE\u00d1ORA DE LA ASUNCI\u00d3N, CAMPUS ALTO PARAN\u00c1, DESDE LA PERSPECTIVA DE UNA ADECUADA GESTI\u00d3N DE LAS FINANZAS PERSONALESRESUMENAntecedentes:&nbsp;Una adecuada gesti\u00f3n de las finanzas personales se asocia con un futuro estable y buena calidad de vida.&nbsp;Objetivo:&nbsp;Analizar c\u00f3mo administran sus finanzas &hellip; <\/p>\n<p class=\"link-more\"><a href=\"https:\/\/empresaysociedad.cetisa.com.py\/index.php\/vol-2-num-1-2\/\" class=\"more-link\">Continuar leyendo<span class=\"screen-reader-text\"> \u00abVol. 2 num. 1\u00bb<\/span><\/a><\/p>\n","protected":false},"author":1,"featured_media":0,"parent":0,"menu_order":0,"comment_status":"closed","ping_status":"closed","template":"","meta":{"footnotes":""},"class_list":["post-810","page","type-page","status-publish","hentry"],"yoast_head":"<!-- This site is optimized with the Yoast SEO plugin v27.4 - https:\/\/yoast.com\/product\/yoast-seo-wordpress\/ -->\n<title>Vol. 2 num. 1 - Empresa &amp; Sociedad<\/title>\n<meta name=\"robots\" content=\"index, follow, max-snippet:-1, max-image-preview:large, max-video-preview:-1\" \/>\n<link rel=\"canonical\" href=\"https:\/\/empresaysociedad.cetisa.com.py\/index.php\/vol-2-num-1-2\/\" \/>\n<meta property=\"og:locale\" content=\"es_ES\" \/>\n<meta property=\"og:type\" content=\"article\" \/>\n<meta property=\"og:title\" content=\"Vol. 2 num. 1 - Empresa &amp; Sociedad\" \/>\n<meta property=\"og:description\" content=\"ADMINISTRACI\u00d3N DE LOS RECURSOS FINANCIEROS DE LOS ALUMNOS DEL TURNO NOCHE DE LA UNIVERSIDAD CAT\u00d3LICA NUESTRA SE\u00d1ORA DE LA ASUNCI\u00d3N, CAMPUS ALTO PARAN\u00c1, DESDE LA PERSPECTIVA DE UNA ADECUADA GESTI\u00d3N DE LAS FINANZAS PERSONALESRESUMENAntecedentes:&nbsp;Una adecuada gesti\u00f3n de las finanzas personales se asocia con un futuro estable y buena calidad de vida.&nbsp;Objetivo:&nbsp;Analizar c\u00f3mo administran sus finanzas &hellip; Continuar leyendo &quot;Vol. 2 num. 1&quot;\" \/>\n<meta property=\"og:url\" content=\"https:\/\/empresaysociedad.cetisa.com.py\/index.php\/vol-2-num-1-2\/\" \/>\n<meta property=\"og:site_name\" content=\"Empresa &amp; Sociedad\" \/>\n<meta property=\"article:modified_time\" content=\"2023-06-26T13:59:47+00:00\" \/>\n<meta property=\"og:image\" content=\"https:\/\/empresaysociedad.cetisa.com.py\/wp-content\/uploads\/2019\/10\/vol2num1-724x1024.png\" \/>\n<meta name=\"twitter:card\" content=\"summary_large_image\" \/>\n<meta name=\"twitter:label1\" content=\"Tiempo de lectura\" \/>\n\t<meta name=\"twitter:data1\" content=\"7 minutos\" \/>\n<script type=\"application\/ld+json\" class=\"yoast-schema-graph\">{\"@context\":\"https:\\\/\\\/schema.org\",\"@graph\":[{\"@type\":\"WebPage\",\"@id\":\"https:\\\/\\\/empresaysociedad.cetisa.com.py\\\/index.php\\\/vol-2-num-1-2\\\/\",\"url\":\"https:\\\/\\\/empresaysociedad.cetisa.com.py\\\/index.php\\\/vol-2-num-1-2\\\/\",\"name\":\"Vol. 2 num. 1 - Empresa &amp; Sociedad\",\"isPartOf\":{\"@id\":\"https:\\\/\\\/empresaysociedad.cetisa.com.py\\\/#website\"},\"primaryImageOfPage\":{\"@id\":\"https:\\\/\\\/empresaysociedad.cetisa.com.py\\\/index.php\\\/vol-2-num-1-2\\\/#primaryimage\"},\"image\":{\"@id\":\"https:\\\/\\\/empresaysociedad.cetisa.com.py\\\/index.php\\\/vol-2-num-1-2\\\/#primaryimage\"},\"thumbnailUrl\":\"https:\\\/\\\/empresaysociedad.cetisa.com.py\\\/wp-content\\\/uploads\\\/2019\\\/10\\\/vol2num1-724x1024.png\",\"datePublished\":\"2023-06-26T13:08:39+00:00\",\"dateModified\":\"2023-06-26T13:59:47+00:00\",\"breadcrumb\":{\"@id\":\"https:\\\/\\\/empresaysociedad.cetisa.com.py\\\/index.php\\\/vol-2-num-1-2\\\/#breadcrumb\"},\"inLanguage\":\"es\",\"potentialAction\":[{\"@type\":\"ReadAction\",\"target\":[\"https:\\\/\\\/empresaysociedad.cetisa.com.py\\\/index.php\\\/vol-2-num-1-2\\\/\"]}]},{\"@type\":\"ImageObject\",\"inLanguage\":\"es\",\"@id\":\"https:\\\/\\\/empresaysociedad.cetisa.com.py\\\/index.php\\\/vol-2-num-1-2\\\/#primaryimage\",\"url\":\"https:\\\/\\\/empresaysociedad.cetisa.com.py\\\/wp-content\\\/uploads\\\/2019\\\/10\\\/vol2num1.png\",\"contentUrl\":\"https:\\\/\\\/empresaysociedad.cetisa.com.py\\\/wp-content\\\/uploads\\\/2019\\\/10\\\/vol2num1.png\",\"width\":2481,\"height\":3508},{\"@type\":\"BreadcrumbList\",\"@id\":\"https:\\\/\\\/empresaysociedad.cetisa.com.py\\\/index.php\\\/vol-2-num-1-2\\\/#breadcrumb\",\"itemListElement\":[{\"@type\":\"ListItem\",\"position\":1,\"name\":\"Portada\",\"item\":\"https:\\\/\\\/empresaysociedad.cetisa.com.py\\\/\"},{\"@type\":\"ListItem\",\"position\":2,\"name\":\"Vol. 2 num. 1\"}]},{\"@type\":\"WebSite\",\"@id\":\"https:\\\/\\\/empresaysociedad.cetisa.com.py\\\/#website\",\"url\":\"https:\\\/\\\/empresaysociedad.cetisa.com.py\\\/\",\"name\":\"Empresa &amp; Sociedad\",\"description\":\"\",\"publisher\":{\"@id\":\"https:\\\/\\\/empresaysociedad.cetisa.com.py\\\/#organization\"},\"potentialAction\":[{\"@type\":\"SearchAction\",\"target\":{\"@type\":\"EntryPoint\",\"urlTemplate\":\"https:\\\/\\\/empresaysociedad.cetisa.com.py\\\/?s={search_term_string}\"},\"query-input\":{\"@type\":\"PropertyValueSpecification\",\"valueRequired\":true,\"valueName\":\"search_term_string\"}}],\"inLanguage\":\"es\"},{\"@type\":\"Organization\",\"@id\":\"https:\\\/\\\/empresaysociedad.cetisa.com.py\\\/#organization\",\"name\":\"Empresa &amp; Sociedad\",\"url\":\"https:\\\/\\\/empresaysociedad.cetisa.com.py\\\/\",\"logo\":{\"@type\":\"ImageObject\",\"inLanguage\":\"es\",\"@id\":\"https:\\\/\\\/empresaysociedad.cetisa.com.py\\\/#\\\/schema\\\/logo\\\/image\\\/\",\"url\":\"https:\\\/\\\/empresaysociedad.cetisa.com.py\\\/wp-content\\\/uploads\\\/2023\\\/06\\\/cropped-cropped-logo-1.png\",\"contentUrl\":\"https:\\\/\\\/empresaysociedad.cetisa.com.py\\\/wp-content\\\/uploads\\\/2023\\\/06\\\/cropped-cropped-logo-1.png\",\"width\":250,\"height\":250,\"caption\":\"Empresa &amp; Sociedad\"},\"image\":{\"@id\":\"https:\\\/\\\/empresaysociedad.cetisa.com.py\\\/#\\\/schema\\\/logo\\\/image\\\/\"}}]}<\/script>\n<!-- \/ Yoast SEO plugin. -->","yoast_head_json":{"title":"Vol. 2 num. 1 - Empresa &amp; Sociedad","robots":{"index":"index","follow":"follow","max-snippet":"max-snippet:-1","max-image-preview":"max-image-preview:large","max-video-preview":"max-video-preview:-1"},"canonical":"https:\/\/empresaysociedad.cetisa.com.py\/index.php\/vol-2-num-1-2\/","og_locale":"es_ES","og_type":"article","og_title":"Vol. 2 num. 1 - Empresa &amp; Sociedad","og_description":"ADMINISTRACI\u00d3N DE LOS RECURSOS FINANCIEROS DE LOS ALUMNOS DEL TURNO NOCHE DE LA UNIVERSIDAD CAT\u00d3LICA NUESTRA SE\u00d1ORA DE LA ASUNCI\u00d3N, CAMPUS ALTO PARAN\u00c1, DESDE LA PERSPECTIVA DE UNA ADECUADA GESTI\u00d3N DE LAS FINANZAS PERSONALESRESUMENAntecedentes:&nbsp;Una adecuada gesti\u00f3n de las finanzas personales se asocia con un futuro estable y buena calidad de vida.&nbsp;Objetivo:&nbsp;Analizar c\u00f3mo administran sus finanzas &hellip; Continuar leyendo \"Vol. 2 num. 1\"","og_url":"https:\/\/empresaysociedad.cetisa.com.py\/index.php\/vol-2-num-1-2\/","og_site_name":"Empresa &amp; Sociedad","article_modified_time":"2023-06-26T13:59:47+00:00","og_image":[{"url":"https:\/\/empresaysociedad.cetisa.com.py\/wp-content\/uploads\/2019\/10\/vol2num1-724x1024.png","type":"","width":"","height":""}],"twitter_card":"summary_large_image","twitter_misc":{"Tiempo de lectura":"7 minutos"},"schema":{"@context":"https:\/\/schema.org","@graph":[{"@type":"WebPage","@id":"https:\/\/empresaysociedad.cetisa.com.py\/index.php\/vol-2-num-1-2\/","url":"https:\/\/empresaysociedad.cetisa.com.py\/index.php\/vol-2-num-1-2\/","name":"Vol. 2 num. 1 - Empresa &amp; Sociedad","isPartOf":{"@id":"https:\/\/empresaysociedad.cetisa.com.py\/#website"},"primaryImageOfPage":{"@id":"https:\/\/empresaysociedad.cetisa.com.py\/index.php\/vol-2-num-1-2\/#primaryimage"},"image":{"@id":"https:\/\/empresaysociedad.cetisa.com.py\/index.php\/vol-2-num-1-2\/#primaryimage"},"thumbnailUrl":"https:\/\/empresaysociedad.cetisa.com.py\/wp-content\/uploads\/2019\/10\/vol2num1-724x1024.png","datePublished":"2023-06-26T13:08:39+00:00","dateModified":"2023-06-26T13:59:47+00:00","breadcrumb":{"@id":"https:\/\/empresaysociedad.cetisa.com.py\/index.php\/vol-2-num-1-2\/#breadcrumb"},"inLanguage":"es","potentialAction":[{"@type":"ReadAction","target":["https:\/\/empresaysociedad.cetisa.com.py\/index.php\/vol-2-num-1-2\/"]}]},{"@type":"ImageObject","inLanguage":"es","@id":"https:\/\/empresaysociedad.cetisa.com.py\/index.php\/vol-2-num-1-2\/#primaryimage","url":"https:\/\/empresaysociedad.cetisa.com.py\/wp-content\/uploads\/2019\/10\/vol2num1.png","contentUrl":"https:\/\/empresaysociedad.cetisa.com.py\/wp-content\/uploads\/2019\/10\/vol2num1.png","width":2481,"height":3508},{"@type":"BreadcrumbList","@id":"https:\/\/empresaysociedad.cetisa.com.py\/index.php\/vol-2-num-1-2\/#breadcrumb","itemListElement":[{"@type":"ListItem","position":1,"name":"Portada","item":"https:\/\/empresaysociedad.cetisa.com.py\/"},{"@type":"ListItem","position":2,"name":"Vol. 2 num. 1"}]},{"@type":"WebSite","@id":"https:\/\/empresaysociedad.cetisa.com.py\/#website","url":"https:\/\/empresaysociedad.cetisa.com.py\/","name":"Empresa &amp; Sociedad","description":"","publisher":{"@id":"https:\/\/empresaysociedad.cetisa.com.py\/#organization"},"potentialAction":[{"@type":"SearchAction","target":{"@type":"EntryPoint","urlTemplate":"https:\/\/empresaysociedad.cetisa.com.py\/?s={search_term_string}"},"query-input":{"@type":"PropertyValueSpecification","valueRequired":true,"valueName":"search_term_string"}}],"inLanguage":"es"},{"@type":"Organization","@id":"https:\/\/empresaysociedad.cetisa.com.py\/#organization","name":"Empresa &amp; Sociedad","url":"https:\/\/empresaysociedad.cetisa.com.py\/","logo":{"@type":"ImageObject","inLanguage":"es","@id":"https:\/\/empresaysociedad.cetisa.com.py\/#\/schema\/logo\/image\/","url":"https:\/\/empresaysociedad.cetisa.com.py\/wp-content\/uploads\/2023\/06\/cropped-cropped-logo-1.png","contentUrl":"https:\/\/empresaysociedad.cetisa.com.py\/wp-content\/uploads\/2023\/06\/cropped-cropped-logo-1.png","width":250,"height":250,"caption":"Empresa &amp; Sociedad"},"image":{"@id":"https:\/\/empresaysociedad.cetisa.com.py\/#\/schema\/logo\/image\/"}}]}},"_links":{"self":[{"href":"https:\/\/empresaysociedad.cetisa.com.py\/index.php\/wp-json\/wp\/v2\/pages\/810","targetHints":{"allow":["GET"]}}],"collection":[{"href":"https:\/\/empresaysociedad.cetisa.com.py\/index.php\/wp-json\/wp\/v2\/pages"}],"about":[{"href":"https:\/\/empresaysociedad.cetisa.com.py\/index.php\/wp-json\/wp\/v2\/types\/page"}],"author":[{"embeddable":true,"href":"https:\/\/empresaysociedad.cetisa.com.py\/index.php\/wp-json\/wp\/v2\/users\/1"}],"replies":[{"embeddable":true,"href":"https:\/\/empresaysociedad.cetisa.com.py\/index.php\/wp-json\/wp\/v2\/comments?post=810"}],"version-history":[{"count":11,"href":"https:\/\/empresaysociedad.cetisa.com.py\/index.php\/wp-json\/wp\/v2\/pages\/810\/revisions"}],"predecessor-version":[{"id":833,"href":"https:\/\/empresaysociedad.cetisa.com.py\/index.php\/wp-json\/wp\/v2\/pages\/810\/revisions\/833"}],"wp:attachment":[{"href":"https:\/\/empresaysociedad.cetisa.com.py\/index.php\/wp-json\/wp\/v2\/media?parent=810"}],"curies":[{"name":"wp","href":"https:\/\/api.w.org\/{rel}","templated":true}]}}